{"id":9642,"date":"2019-09-13T20:00:41","date_gmt":"2019-09-13T18:00:41","guid":{"rendered":"https:\/\/dev2.mgvpublications.com\/produkt\/odysseia\/"},"modified":"2022-03-08T22:31:51","modified_gmt":"2022-03-08T21:31:51","slug":"odysseia","status":"publish","type":"product","link":"https:\/\/mgvpublications.com\/de\/odysseia\/","title":{"rendered":"Odysseia"},"content":{"rendered":"<p>Yay\u0131n Tarihi\t2019-06-25<br \/>\nISBN\t6052494479<br \/>\nBask\u0131 Say\u0131s\u0131\t1. Bask\u0131<br \/>\nDil\tT\u00dcRK\u00c7E<br \/>\nSayfa Say\u0131s\u0131\t341<br \/>\nCilt Tipi\tKarton Kapak<br \/>\nKa\u011f\u0131t Cinsi\tKitap Ka\u011f\u0131d\u0131<br \/>\nBoyut\t13.5 x 21 cm<\/p>","protected":false},"excerpt":{"rendered":"<p>Odysseus\u2019un Penelope\u2019yle olan evlili\u011finden Telemakhos isminde bir erkek \u00e7ocuklar\u0131 oldu. Ama bu \u00e7ocuk daha kundaktayken Helena\u2019n\u0131n ka\u00e7\u0131r\u0131ld\u0131\u011f\u0131, kocas\u0131 Menealos\u2019un yard\u0131m istedi\u011fi haberi geldi. Odysseus bu sava\u015fa kat\u0131lmamak i\u00e7in elinden geleni yapt\u0131. \u0130\u015fler zorla\u015f\u0131nca delirmi\u015f takli di bile yapt\u0131. Ama Palamedes bu yalan\u0131 a\u00e7\u0131\u011fa \u00e7\u0131kard\u0131. Deli rol\u00fcndeki Ody sseus, kendisini Agamemnon\u2019un ordusuna katmak \u00fczere kendisini almaya gelen askerleri kand\u0131rmak i\u00e7in Odysseus, tarlas\u0131n\u0131na tohum yerine tuz eki yor, sabana da \u00f6k\u00fcz yerine kendisini ko\u015fuyordu. Askerlerin aras\u0131ndaki Pa lamedes, bebek Telemakhos\u2019u al\u0131p saban\u0131n ge\u00e7ece\u011fi yere koydu. A\u011fz\u0131ndan t\u00fck\u00fcr\u00fckler sa\u00e7arak s\u00fcrekli k\u00fcfredip ba\u011f\u0131ran ve saban\u0131 \u00e7eken Odysseus, sa ban\u0131 biricik o\u011fluna zarar gelmemesi i\u00e7in Telemakhos\u2019un \u00fczerinden a\u015f\u0131rt\u0131nca yakay\u0131 ele verdi. \u00c7aresizce z\u0131rh\u0131n\u0131 ku\u015fand\u0131, e\u015fiyle vedala\u015f\u0131p m\u0131zra\u011f\u0131n\u0131 eline al\u0131p askerlerin arkas\u0131na tak\u0131l\u0131p Agamamnon\u2019un ordusunun bulundu\u011fu Sparta\u2019ya y\u00fcr\u00fcd\u00fc. B\u00f6ylece, Palamedes\u2019e ileride korkun\u00e7 bir \u00f6\u00e7 almayla sonu\u00e7lanacak derin bir kinle sefere kat\u0131lmak zorunda kald\u0131.<\/p>","protected":false},"featured_media":9643,"template":"","meta":{"spay_email":""},"product_cat":[167,168,232],"product_tag":[],"item":[406],"acf":[],"_links":{"self":[{"href":"https:\/\/mgvpublications.com\/de\/wp-json\/wp\/v2\/product\/9642"}],"collection":[{"href":"https:\/\/mgvpublications.com\/de\/wp-json\/wp\/v2\/product"}],"about":[{"href":"https:\/\/mgvpublications.com\/de\/wp-json\/wp\/v2\/types\/product"}],"wp:featuredmedia":[{"embeddable":true,"href":"https:\/\/mgvpublications.com\/de\/wp-json\/wp\/v2\/media\/9643"}],"wp:attachment":[{"href":"https:\/\/mgvpublications.com\/de\/wp-json\/wp\/v2\/media?parent=9642"}],"wp:term":[{"taxonomy":"product_cat","embeddable":true,"href":"https:\/\/mgvpublications.com\/de\/wp-json\/wp\/v2\/product_cat?post=9642"},{"taxonomy":"product_tag","embeddable":true,"href":"https:\/\/mgvpublications.com\/de\/wp-json\/wp\/v2\/product_tag?post=9642"},{"taxonomy":"item","embeddable":true,"href":"https:\/\/mgvpublications.com\/de\/wp-json\/wp\/v2\/item?post=9642"}],"curies":[{"name":"wp","href":"https:\/\/api.w.org\/{rel}","templated":true}]}}