{"id":7814,"date":"2019-07-03T15:02:32","date_gmt":"2019-07-03T13:02:32","guid":{"rendered":"https:\/\/dev2.mgvpublications.com\/produkt\/fethin-guezel-sultani-fatih-sultan-mehmed\/"},"modified":"2022-03-08T22:31:23","modified_gmt":"2022-03-08T21:31:23","slug":"fethin-guezel-sultani-fatih-sultan-mehmed","status":"publish","type":"product","link":"https:\/\/mgvpublications.com\/de\/fethin-guezel-sultani-fatih-sultan-mehmed\/","title":{"rendered":"Fethin G\u00fczel Sultan\u0131 Fatih Sultan Mehmed"},"content":{"rendered":"<p>Yay\u0131n Tarihi 2019-02-01<br \/>\nISBN 6057934116<br \/>\nBask\u0131 Say\u0131s\u0131 1. Bask\u0131<br \/>\nDil T\u00dcRK\u00c7E<br \/>\nSayfa Say\u0131s\u0131 120<br \/>\nCilt Tipi Karton Kapak<br \/>\nKa\u011f\u0131t Cinsi Kitap Ka\u011f\u0131d\u0131<br \/>\nBoyut 13.5 x 19.5 cm<\/p>","protected":false},"excerpt":{"rendered":"<p>Fethin G\u00fczel Sultan\u0131 Fatih Sultan Mehmed, emsalsiz ki\u015fili\u011fiyle tarihe damga vurmu\u015f bir cihan sultan\u0131n\u0131 ak\u0131c\u0131 bir \u00f6yk\u00fc diliyle ilk gen\u00e7lik \u00e7a\u011f\u0131na tan\u0131tma amac\u0131 ta\u015f\u0131yan bir kitap. Fatih gibi \u00e7ok y\u00f6nl\u00fcl\u00fc\u011f\u00fcyle as\u0131rlar\u0131 a\u015fm\u0131\u015f bir \u015fahsiyeti kaleme alman\u0131n zorlu\u011fu herkesin malumudur. Buna ra\u011fmen elinizdeki bu kitap fetihler \u00e7a\u011f\u0131n\u0131n kokusunu odan\u0131za ta\u015f\u0131may\u0131; bir cihangirin co\u015fkulu y\u00fcre\u011finin k\u0131vr\u0131mlar\u0131nda sizi dola\u015ft\u0131rmay\u0131 vaat ediyor. Kalbinize dokunan, hayal d\u00fcnyan\u0131zda ard\u0131 ard\u0131na pencereler a\u00e7an bir \u00fcslubu var. Okurken kendinizi surlara kanca atm\u0131\u015f bir \u00e7eri gibi hissetmiyorsan\u0131z ya yer alt\u0131nda la\u011f\u0131m atan bir kap\u0131kulusunuzdur ya da Galata s\u0131rtlar\u0131ndan \u00e7ekilmi\u015f bir kad\u0131rgan\u0131n vardavela tellerine ayak bas\u0131p g\u00f6\u011fs\u00fcn\u00fc r\u00fczg\u00e2ra vermi\u015f bir levent\u2026<\/p>\n<p>\u201cNe adamlar\u0131m\u0131n \u00e7oklu\u011funa ne de sava\u015f aletlerime g\u00fcvenirim. \u0130timad\u0131m yaln\u0131z Hakk\u2019\u0131n l\u00fctuf ve yard\u0131m\u0131nad\u0131r\u2026 E\u011fer o kalenin benim elimle fethi takdir olunmu\u015fsa kale bur\u00e7lar\u0131 ta\u015ftan de\u011fil saf demirden de olsa kah\u0131r ate\u015fiyle onu eritip mum gibi yumu\u015fat\u0131r\u0131m. Hem ben bu \u015fehri alamasam da niyetimin sevab\u0131na eri\u015firim\u2026 (Sultan II. Mehmed)\u201d<\/p>","protected":false},"featured_media":7815,"template":"","meta":{"spay_email":""},"product_cat":[172,170],"product_tag":[],"item":[694],"acf":[],"_links":{"self":[{"href":"https:\/\/mgvpublications.com\/de\/wp-json\/wp\/v2\/product\/7814"}],"collection":[{"href":"https:\/\/mgvpublications.com\/de\/wp-json\/wp\/v2\/product"}],"about":[{"href":"https:\/\/mgvpublications.com\/de\/wp-json\/wp\/v2\/types\/product"}],"wp:featuredmedia":[{"embeddable":true,"href":"https:\/\/mgvpublications.com\/de\/wp-json\/wp\/v2\/media\/7815"}],"wp:attachment":[{"href":"https:\/\/mgvpublications.com\/de\/wp-json\/wp\/v2\/media?parent=7814"}],"wp:term":[{"taxonomy":"product_cat","embeddable":true,"href":"https:\/\/mgvpublications.com\/de\/wp-json\/wp\/v2\/product_cat?post=7814"},{"taxonomy":"product_tag","embeddable":true,"href":"https:\/\/mgvpublications.com\/de\/wp-json\/wp\/v2\/product_tag?post=7814"},{"taxonomy":"item","embeddable":true,"href":"https:\/\/mgvpublications.com\/de\/wp-json\/wp\/v2\/item?post=7814"}],"curies":[{"name":"wp","href":"https:\/\/api.w.org\/{rel}","templated":true}]}}