{"id":7494,"date":"2019-07-02T11:09:08","date_gmt":"2019-07-02T09:09:08","guid":{"rendered":"https:\/\/dev2.mgvpublications.com\/produkt\/es-seceretuen-numaniyye-fid-devlet-i-osmaniyye\/"},"modified":"2025-10-23T17:57:39","modified_gmt":"2025-10-23T15:57:39","slug":"es-seceretuen-numaniyye-fid-devlet-i-osmaniyye","status":"publish","type":"product","link":"https:\/\/mgvpublications.com\/de\/es-seceretuen-numaniyye-fid-devlet-i-osmaniyye\/","title":{"rendered":"E\u015f-\u015eeceret\u00fc\u2019n-Numaniyye fi\u2019d-Devlet-i Osmaniyye"},"content":{"rendered":"<p>\u00c7evirmen: Harun \u00c7etin<br \/>\nYay\u0131n Tarihi 2017-06-09<br \/>\nISBN 9752554658<br \/>\nBask\u0131 Say\u0131s\u0131 2. Bask\u0131<br \/>\nDil T\u00dcRK\u00c7E<br \/>\nSayfa Say\u0131s\u0131 218<br \/>\nCilt Tipi Karton Kapak<br \/>\nKa\u011f\u0131t Cinsi Kitap Ka\u011f\u0131d\u0131<br \/>\nBoyut 16 x 23 cm<\/p>","protected":false},"excerpt":{"rendered":"<p>Elinizde bulunan \u015eeceret\u00fc\u2019n-Numaniyye fi\u2019d-Devlet-i Osmaniyye isimli eseri hem Osmanl\u0131 Devleti\u2019nin manevi manada ne kadar b\u00fcy\u00fck ve k\u0131ymetli oldu\u011funu g\u00f6stermeye ve hem Allah dostlar\u0131n\u0131n nas\u0131l ihsan sahibi kullar oldu\u011funu ifadeye k\u00e2fidir. Zira Hazret-i Peygamber (sallallahu aleyhi vessellem) Efendimiz buyurdular ki; \u201cM\u00fcminin ferasetinden sak\u0131n\u0131n! \u00c7\u00fcnk\u00fc o Allah\u2019\u0131n nuruyla bakar.\u201d (Tirmizi, Tefsiru\u2019l-Kur\u2019an, 16, Suy\u00fbt\u00ee, el-C\u00e2miu\u2019s-Sa\u011fir, 1, 24).<br \/>\nO, Cenab-\u0131 Hakk taraf\u0131ndan kendisine ilham olunan gaybi haberleri bu eserine yazm\u0131\u015f ve hatta kendi kabrinin kaybolaca\u011f\u0131n\u0131, as\u0131rlar sonra Yavuz Sultan Selim Han taraf\u0131ndan ke\u015ffedilece\u011fini ima ile ifade etmi\u015ftir.<br \/>\n\u0130bni Arab\u00ee hazretleri ayr\u0131ca Hilafet m\u00fchr\u00fcn\u00fcn sahibi Osmanl\u0131n\u0131n kurulu\u015funu, kudretini, M\u0131s\u0131r ve Ba\u011fdat gibi diyarlar\u0131n fetihlerini, padi\u015fahlar\u0131n isimlerini, y\u0131k\u0131l\u0131\u015f s\u00fcrecini anlatm\u0131\u015ft\u0131r. T\u00fcrkiye i\u00e7in m\u00fchim, M\u00fcsl\u00fcmanlar i\u00e7in ise sevin\u00e7 vesilesi olacak m\u00fcjdeler vermi\u015ftir.<br \/>\nProf. Dr. Ahmet \u015eim\u015firgil<\/p>","protected":false},"featured_media":7495,"template":"","meta":{"spay_email":""},"product_cat":[173,170],"product_tag":[],"item":[730],"acf":[],"_links":{"self":[{"href":"https:\/\/mgvpublications.com\/de\/wp-json\/wp\/v2\/product\/7494"}],"collection":[{"href":"https:\/\/mgvpublications.com\/de\/wp-json\/wp\/v2\/product"}],"about":[{"href":"https:\/\/mgvpublications.com\/de\/wp-json\/wp\/v2\/types\/product"}],"wp:featuredmedia":[{"embeddable":true,"href":"https:\/\/mgvpublications.com\/de\/wp-json\/wp\/v2\/media\/7495"}],"wp:attachment":[{"href":"https:\/\/mgvpublications.com\/de\/wp-json\/wp\/v2\/media?parent=7494"}],"wp:term":[{"taxonomy":"product_cat","embeddable":true,"href":"https:\/\/mgvpublications.com\/de\/wp-json\/wp\/v2\/product_cat?post=7494"},{"taxonomy":"product_tag","embeddable":true,"href":"https:\/\/mgvpublications.com\/de\/wp-json\/wp\/v2\/product_tag?post=7494"},{"taxonomy":"item","embeddable":true,"href":"https:\/\/mgvpublications.com\/de\/wp-json\/wp\/v2\/item?post=7494"}],"curies":[{"name":"wp","href":"https:\/\/api.w.org\/{rel}","templated":true}]}}