{"id":3961,"date":"2019-04-02T22:43:32","date_gmt":"2019-04-02T20:43:32","guid":{"rendered":"https:\/\/dev2.mgvpublications.com\/produkt\/import-placeholder-for-6197\/"},"modified":"2024-02-06T22:11:47","modified_gmt":"2024-02-06T21:11:47","slug":"islam-birligi","status":"publish","type":"product","link":"https:\/\/mgvpublications.com\/de\/islam-birligi\/","title":{"rendered":"\u0130slam Birli\u011fi"},"content":{"rendered":"<p>Yay\u0131n Tarihi\t2018-01-30<br \/>\nISBN\t6052008027<br \/>\nBask\u0131 Say\u0131s\u0131\t3. Bask\u0131<br \/>\nDil\tT\u00dcRK\u00c7E<br \/>\nSayfa Say\u0131s\u0131\t203<br \/>\nCilt Tipi\tKarton Kapak<br \/>\nKa\u011f\u0131t Cinsi\tKitap Ka\u011f\u0131d\u0131<br \/>\nBoyut\t13.5 x 21 cm<\/p>","protected":false},"excerpt":{"rendered":"<p>&#8220;D\u0131\u015f politikada do\u011fru hak anlay\u0131\u015f\u0131n\u0131 temel alan D-8 \u00e7ekirdekli, \u0130slam Birli\u011fi \u00e7ekirdekli &#8216;Yeni Bir D\u00fcnya&#8217;n\u0131n kurulmas\u0131 temel esast\u0131r. Gidip Bat\u0131&#8217;n\u0131n kap\u0131s\u0131na boynundaki zincirle ba\u011flanmak di\u011fer g\u00f6r\u00fc\u015flerin \u00f6zellikleridir. D\u0131\u015f politikada &#8216;do\u011fru hak anlay\u0131\u015f\u0131&#8217;n\u0131 temel alarak D-8&#8217;i \u00e7ekirdek alarak &#8216;Yeni Bir D\u00fcnya&#8217;n\u0131n kurulmas\u0131 Milli G\u00f6r\u00fc\u015f&#8217;\u00fc di\u011ferlerinden ay\u0131ran bariz farklardan birisidir.&#8221;<\/p>\n<p>Bu c\u00fcmlelerle, \u0130slam co\u011frafyas\u0131ndaki M\u00fcsl\u00fcmanlar aras\u0131ndaki siyasi ve ekonomik birlikteli\u011fin \u00f6nemine vurgu yapan Prof. Dr. Necmettin Erbakan; kurtulu\u015fun da ancak yine bu co\u011frafyada Milli G\u00f6r\u00fc\u015f eli ile olaca\u011f\u0131n\u0131 dile getiriyor.<\/p>\n<p>Bat\u0131&#8217;n\u0131n, Siyonizm&#8217;in ve Emperyalizm&#8217;in bat\u0131l hak anlay\u0131\u015f\u0131 ile;  \u0130slam co\u011frafyas\u0131 i\u00e7erisindeki M\u00fcsl\u00fcmanlar\u0131(!) te\u015faron \u00f6rg\u00fctleri kullanarak birbirine k\u0131rd\u0131rmak suretiyle hem buralardaki siyasi ve ekonomik birli\u011fi baltalad\u0131klar\u0131 hem de buralar\u0131n yer alt\u0131 ve yer \u00fcst\u00fc kaynaklar\u0131na, enerji nakil yollar\u0131na el koyduklar\u0131 g\u00fcn gibi ortadad\u0131r.<\/p>\n<p>Biz &#8220;do\u011fru hak anlay\u0131\u015f\u0131&#8221;n\u0131 esas alan M\u00fcsl\u00fcman&#8217;lar olarak bu durum kar\u015f\u0131s\u0131nda ne yapmal\u0131, nas\u0131l davranmal\u0131y\u0131z? <\/p>","protected":false},"featured_media":3991,"template":"","meta":{"spay_email":""},"product_cat":[166],"product_tag":[],"item":[335],"acf":[],"_links":{"self":[{"href":"https:\/\/mgvpublications.com\/de\/wp-json\/wp\/v2\/product\/3961"}],"collection":[{"href":"https:\/\/mgvpublications.com\/de\/wp-json\/wp\/v2\/product"}],"about":[{"href":"https:\/\/mgvpublications.com\/de\/wp-json\/wp\/v2\/types\/product"}],"wp:featuredmedia":[{"embeddable":true,"href":"https:\/\/mgvpublications.com\/de\/wp-json\/wp\/v2\/media\/3991"}],"wp:attachment":[{"href":"https:\/\/mgvpublications.com\/de\/wp-json\/wp\/v2\/media?parent=3961"}],"wp:term":[{"taxonomy":"product_cat","embeddable":true,"href":"https:\/\/mgvpublications.com\/de\/wp-json\/wp\/v2\/product_cat?post=3961"},{"taxonomy":"product_tag","embeddable":true,"href":"https:\/\/mgvpublications.com\/de\/wp-json\/wp\/v2\/product_tag?post=3961"},{"taxonomy":"item","embeddable":true,"href":"https:\/\/mgvpublications.com\/de\/wp-json\/wp\/v2\/item?post=3961"}],"curies":[{"name":"wp","href":"https:\/\/api.w.org\/{rel}","templated":true}]}}