{"id":22324,"date":"2022-03-06T16:09:50","date_gmt":"2022-03-06T15:09:50","guid":{"rendered":"https:\/\/mgvpublications.com\/produkt\/kitaplardan-korkan-cocuk\/"},"modified":"2022-03-08T22:57:57","modified_gmt":"2022-03-08T21:57:57","slug":"kitaplardan-korkan-cocuk","status":"publish","type":"product","link":"https:\/\/mgvpublications.com\/de\/kitaplardan-korkan-cocuk\/","title":{"rendered":"Kitaplardan Korkan \u00c7ocuk"},"content":{"rendered":"<p>\u00c7evirmen: Eren Cendey<br \/>Yay\u0131n Tarihi: 31.10.2019<br \/>Orijinal Ad\u0131: Papirofobia<br \/>ISBN: 9789758440863<br \/>Dil: T\u00dcRK\u00c7E<br \/>Sayfa Say\u0131s\u0131: 44<br \/>Cilt Tipi: Karton Kapak<br \/>Ka\u011f\u0131t Cinsi: Kitap Ka\u011f\u0131d\u0131<br \/>Boyut: 12.5 x 19.5 cm<br \/>\u00c7izer: Mustafa Delio\u011flu<br \/>Di\u011fer \u00d6zellik: 7  ya\u015f-Resimli<\/p>","protected":false},"excerpt":{"rendered":"<p>Y\u00fcre\u011finin G\u00f6t\u00fcrd\u00fc\u011f\u00fc Yere Git adl\u0131 kitab\u0131yla \u00fclkemizde \u00e7ok sevilen Susanna Tamaro, \u00e7ocuklar i\u00e7in de kitaplar yazd\u0131. Kitaplardan Korkan \u00c7ocuk, onun en sevilen \u00e7ocuk kitab\u0131. K\u00fc\u00e7\u00fck Leopold, daha sekiz ya\u015f\u0131ndad\u0131r, ger\u00e7ekten de kitaplardan \u00e7ok korkmaktad\u0131r. Her y\u0131l oldu\u011fu gibi sekizinci do\u011fum g\u00fcn\u00fcnde de, annesiyle babas\u0131n\u0131n getirdikleri arma\u011fan paketini heyecanla a\u00e7ar, ne yaz\u0131k ki, o \u00e7ok sevdi\u011fi, sahip olmak i\u00e7in can att\u0131\u011f\u0131 bir \u00e7ift ko\u015fu ayakkab\u0131s\u0131 yerine parlak kapl\u0131 iki kitapla burun buruna gelir. H\u0131\u00e7k\u0131rarak a\u011flamaya ba\u015flar. Kitaplar\u0131 \u00f6fkeyle yere f\u0131rlat\u0131r, gider odas\u0131na kapan\u0131r. Annenin baban\u0131n \u00fcz\u00fcnt\u00fcs\u00fc b\u00fcy\u00fckt\u00fcr. Leopold de kendince hakl\u0131d\u0131r. \u00c7\u00fcnk\u00fc hangi kitab\u0131 a\u00e7sa kara kara harfler, kara kara lekeler havalarda u\u00e7u\u015fmakta, \u00e7ocu\u011fun ba\u015f\u0131 d\u00f6nmektedir. O\u011fullar\u0131n\u0131n bu kitap korkusu hastal\u0131\u011f\u0131n\u0131 yenmek i\u00e7in annesi babas\u0131 \u00e7areler ararlar, onu doktora g\u00f6t\u00fcr\u00fcrler, cezaland\u0131rma yoluna ba\u015fvururlar. Sonunda Leopold, \u00e7areyi evden ka\u00e7makta bulur. Kitap okumay\u0131 seven \u00e7ocuklar ona k\u0131zmas\u0131nlar. \u00c7\u00fcnk\u00fc Leopold de hakl\u0131. Ama zaten bu kitab\u0131n b\u00fcy\u00fcleyici yan\u0131, onun evden ka\u00e7mas\u0131yla ba\u015fl\u0131yor.<\/p>","protected":false},"featured_media":22323,"template":"","meta":{"spay_email":""},"product_cat":[172],"product_tag":[],"item":[1154],"acf":[],"_links":{"self":[{"href":"https:\/\/mgvpublications.com\/de\/wp-json\/wp\/v2\/product\/22324"}],"collection":[{"href":"https:\/\/mgvpublications.com\/de\/wp-json\/wp\/v2\/product"}],"about":[{"href":"https:\/\/mgvpublications.com\/de\/wp-json\/wp\/v2\/types\/product"}],"wp:featuredmedia":[{"embeddable":true,"href":"https:\/\/mgvpublications.com\/de\/wp-json\/wp\/v2\/media\/22323"}],"wp:attachment":[{"href":"https:\/\/mgvpublications.com\/de\/wp-json\/wp\/v2\/media?parent=22324"}],"wp:term":[{"taxonomy":"product_cat","embeddable":true,"href":"https:\/\/mgvpublications.com\/de\/wp-json\/wp\/v2\/product_cat?post=22324"},{"taxonomy":"product_tag","embeddable":true,"href":"https:\/\/mgvpublications.com\/de\/wp-json\/wp\/v2\/product_tag?post=22324"},{"taxonomy":"item","embeddable":true,"href":"https:\/\/mgvpublications.com\/de\/wp-json\/wp\/v2\/item?post=22324"}],"curies":[{"name":"wp","href":"https:\/\/api.w.org\/{rel}","templated":true}]}}