{"id":21764,"date":"2022-01-14T16:35:31","date_gmt":"2022-01-14T15:35:31","guid":{"rendered":"https:\/\/mgvpublications.com\/produkt\/islamda-fikir-ve-davet-onderleri\/"},"modified":"2022-03-08T22:57:17","modified_gmt":"2022-03-08T21:57:17","slug":"islamda-fikir-ve-davet-onderleri","status":"publish","type":"product","link":"https:\/\/mgvpublications.com\/de\/islamda-fikir-ve-davet-onderleri\/","title":{"rendered":"\u0130slam\u2019da Fikir ve Davet \u00d6nderleri"},"content":{"rendered":"<p>Yay\u0131n Tarihi: 05.10.2017<br \/>ISBN: 9789944275477<br \/>Dil: T\u00dcRK\u00c7E<br \/>Sayfa Say\u0131s\u0131: 360<br \/>Cilt Tipi: Karton Kapak<br \/>Ka\u011f\u0131t Cinsi: Kitap Ka\u011f\u0131d\u0131<br \/>Boyut: 14.5 x 21.5 cm<\/p>","protected":false},"excerpt":{"rendered":"<p>\u0130sl\u00e2m, ya\u015fayan ve sonsuza dek var olacak, selefimizin bize emanet etti\u011fi bir k\u00fclt\u00fcr birikimidir. Bu mirastan saf s\u00fcnneti, ahlaki yap\u0131y\u0131, en ince ayr\u0131nt\u0131s\u0131na kadar i\u015flenebilir hukuk kaidelerini ve \u0130sl\u00e2m edebiyat\u0131n\u0131, k\u0131saca \u0130sl\u00e2m\u00ee k\u00fclt\u00fcr\u00fc kastediyoruz. B\u00fct\u00fcn bu de\u011ferlerde, her ferdin kapasitesine g\u00f6re bir katk\u0131s\u0131 vard\u0131r. Bu dine kar\u015f\u0131 beslenilen g\u00fcvensizlik duygusunu ortadan kald\u0131rmaya \u00e7al\u0131\u015fan, yabanc\u0131 her t\u00fcrl\u00fc d\u00fc\u015f\u00fcnce ve ideolojilere kar\u015f\u0131 m\u00fccadele eden, dinimizin temel esas ve kaynaklar\u0131n\u0131 her t\u00fcrl\u00fc fitneden korumaya \u00e7al\u0131\u015fan, hadis ve f\u0131k\u0131h \u00fczerinde \u00fcmmetin problemlerine \u00e7\u00f6z\u00fcm i\u00e7in ara\u015ft\u0131rmalarda bulunan, i\u00e7inde bulundu\u011fu asr\u0131n toplumunun de\u011ferlerini \u0130sl\u00e2m\u00ee a\u00e7\u0131dan hesaba \u00e7eken her insan\u0131n bu mirasta pay\u0131 vard\u0131r. \u0130nsan akl\u0131n\u0131n donukla\u015ft\u0131\u011f\u0131 d\u00f6nemlerde kuvvetli belagat ve edeb\u00ee \u00fcslup ile onlar\u0131 do\u011fruya \u00e7a\u011f\u0131ran herkesin bu muazzam k\u00fclt\u00fcr miras\u0131nda katk\u0131s\u0131 mevcuttur. Bu eser, uzun s\u00fcredir ihtiya\u00e7 duydu\u011fumuz bir eksikli\u011fi gidermekte ve \u0130sl\u00e2m tarihi i\u00e7in \u00f6nemli bir konuyu kapsamaktad\u0131r. Eserde, \u0130sl\u00e2m tarihinin \u00e7e\u015fitli d\u00f6nemlerinde ya\u015fayan M\u00fcsl\u00fcmanlar\u0131n siyas\u00ee, din\u00ee, ve sosyal y\u00f6nleri islahat\u00e7\u0131 bir yakla\u015f\u0131m ile ele al\u0131nm\u0131\u015f ve \u00f6zellikle Emeviler d\u00f6neminden bu yana gelen islahat\u00e7\u0131 \u0130sl\u00e2m \u00f6nderlerinin en \u00f6nemlilerinin tan\u0131t\u0131mlar\u0131 yap\u0131lm\u0131\u015ft\u0131r.<\/p>","protected":false},"featured_media":21763,"template":"","meta":{"spay_email":""},"product_cat":[174],"product_tag":[],"item":[940],"acf":[],"_links":{"self":[{"href":"https:\/\/mgvpublications.com\/de\/wp-json\/wp\/v2\/product\/21764"}],"collection":[{"href":"https:\/\/mgvpublications.com\/de\/wp-json\/wp\/v2\/product"}],"about":[{"href":"https:\/\/mgvpublications.com\/de\/wp-json\/wp\/v2\/types\/product"}],"wp:featuredmedia":[{"embeddable":true,"href":"https:\/\/mgvpublications.com\/de\/wp-json\/wp\/v2\/media\/21763"}],"wp:attachment":[{"href":"https:\/\/mgvpublications.com\/de\/wp-json\/wp\/v2\/media?parent=21764"}],"wp:term":[{"taxonomy":"product_cat","embeddable":true,"href":"https:\/\/mgvpublications.com\/de\/wp-json\/wp\/v2\/product_cat?post=21764"},{"taxonomy":"product_tag","embeddable":true,"href":"https:\/\/mgvpublications.com\/de\/wp-json\/wp\/v2\/product_tag?post=21764"},{"taxonomy":"item","embeddable":true,"href":"https:\/\/mgvpublications.com\/de\/wp-json\/wp\/v2\/item?post=21764"}],"curies":[{"name":"wp","href":"https:\/\/api.w.org\/{rel}","templated":true}]}}