{"id":17585,"date":"2021-01-28T15:51:51","date_gmt":"2021-01-28T14:51:51","guid":{"rendered":"https:\/\/dev2.mgvpublications.com\/?post_type=product&#038;p=17585"},"modified":"2022-05-31T11:44:27","modified_gmt":"2022-05-31T09:44:27","slug":"islam-ve-insanligin-gelecegi-2","status":"publish","type":"product","link":"https:\/\/mgvpublications.com\/de\/islam-ve-insanligin-gelecegi-2\/","title":{"rendered":"\u0130slam ve \u0130nsanl\u0131\u011f\u0131n Gelece\u011fi"},"content":{"rendered":"<p>\u00c7evirmen: Cemal Ayd\u0131n<br \/>Yay\u0131n Tarihi: 07.05.2020<br \/>ISBN: 9786050830026<br \/>Dil: T\u00dcRK\u00c7E<br \/>Sayfa Say\u0131s\u0131: 224<br \/>Cilt Tipi: Karton Kapak<br \/>Ka\u011f\u0131t Cinsi: Kitap Ka\u011f\u0131d\u0131<br \/>Boyut: 13.5 x 21 cm<\/p>","protected":false},"excerpt":{"rendered":"<p>Bu eser, Roger Garaudy\u2019nin M\u00fcsl\u00fcman olduktan sonra kaleme ald\u0131\u011f\u0131, \u0130sl\u00e2m hakk\u0131ndaki en \u00f6zl\u00fc eseridir. Bir zamanlar b\u00fct\u00fcn d\u00fcnyada ad\u0131ndan s\u00f6z ettirmi\u015f, en \u00fcnl\u00fc sanat\u00e7\u0131, yazar, filozof ve d\u00fcnya liderleriyle g\u00f6r\u00fc\u015fm\u00fc\u015f, eserleri say\u0131s\u0131z dile \u00e7evrilmi\u015f, \u00e7a\u011f\u0131m\u0131z\u0131n en b\u00fcy\u00fck d\u00fc\u015f\u00fcn\u00fcrlerinden biriydi Garaudy. Bu kitab\u0131nda, \u00f6nce Bat\u0131l\u0131lara ve d\u00fcnya insanl\u0131\u011f\u0131na, sonra da M\u00fcsl\u00fcmanlara seslenir. Bat\u0131l\u0131lara ve insanl\u0131\u011fa seslenirken, \u0130sl\u00e2m\u2019\u0131 b\u00fct\u00fcn y\u00fcceli\u011fi ve e\u015fsizli\u011fiyle tan\u0131t\u0131r ve bu dini onlar\u0131n mutlaka tan\u0131malar\u0131n\u0131 ister. Bu arada d\u00fcnya entelekt\u00fcellerine de seslenir ve onlara \u0130sl\u00e2m\u2019\u0131 en \u00e7arp\u0131c\u0131 y\u00f6nleriyle takdim eder. \u0130sl\u00e2m \u00e2lemine seslenirken de, M\u00fcsl\u00fcmanlar\u0131 her bak\u0131mdan uyar\u0131r, tenkit eder. \u0130sl\u00e2m\u2019\u0131n ge\u00e7mi\u015f \u00e7a\u011flardaki par\u0131lt\u0131s\u0131na ve \u0131\u015f\u0131lt\u0131s\u0131na bu dini yeniden kavu\u015fturmalar\u0131 i\u00e7in ne yapmalar\u0131 gerekti\u011fini onlara s\u00f6yler. Bu kitap, Roger Garaudy\u2019nin mutlaka okunmas\u0131 gereken eserlerinin en ba\u015fta gelenlerinden biridir.<\/p>","protected":false},"featured_media":21373,"template":"","meta":{"spay_email":""},"product_cat":[174],"product_tag":[],"item":[360],"acf":[],"_links":{"self":[{"href":"https:\/\/mgvpublications.com\/de\/wp-json\/wp\/v2\/product\/17585"}],"collection":[{"href":"https:\/\/mgvpublications.com\/de\/wp-json\/wp\/v2\/product"}],"about":[{"href":"https:\/\/mgvpublications.com\/de\/wp-json\/wp\/v2\/types\/product"}],"wp:featuredmedia":[{"embeddable":true,"href":"https:\/\/mgvpublications.com\/de\/wp-json\/wp\/v2\/media\/21373"}],"wp:attachment":[{"href":"https:\/\/mgvpublications.com\/de\/wp-json\/wp\/v2\/media?parent=17585"}],"wp:term":[{"taxonomy":"product_cat","embeddable":true,"href":"https:\/\/mgvpublications.com\/de\/wp-json\/wp\/v2\/product_cat?post=17585"},{"taxonomy":"product_tag","embeddable":true,"href":"https:\/\/mgvpublications.com\/de\/wp-json\/wp\/v2\/product_tag?post=17585"},{"taxonomy":"item","embeddable":true,"href":"https:\/\/mgvpublications.com\/de\/wp-json\/wp\/v2\/item?post=17585"}],"curies":[{"name":"wp","href":"https:\/\/api.w.org\/{rel}","templated":true}]}}