{"id":12035,"date":"2020-06-17T23:04:51","date_gmt":"2020-06-17T21:04:51","guid":{"rendered":"https:\/\/dev2.mgvpublications.com\/produkt\/caylak-ile-filozof-ben-bir-neyim\/"},"modified":"2022-04-08T06:23:46","modified_gmt":"2022-04-08T04:23:46","slug":"caylak-ile-filozof-ben-bir-neyim","status":"publish","type":"product","link":"https:\/\/mgvpublications.com\/de\/caylak-ile-filozof-ben-bir-neyim\/","title":{"rendered":"\u00c7aylak \u0130le Filozof \/ Ben Bir Neyim?"},"content":{"rendered":"<p>Yay\u0131n Tarihi: 11.07.2018<br \/>ISBN: 9786052236222<br \/>Dil: T\u00dcRK\u00c7E<br \/>Sayfa Say\u0131s\u0131: 128<br \/>Cilt Tipi: Karton Kapak<br \/>Ka\u011f\u0131t Cinsi: Kitap Ka\u011f\u0131d\u0131<br \/>Boyut: 13.5 x 21 cm<br \/>\u00c7izer: Nurcan Karaba\u011f Y\u0131lmaz<\/p>","protected":false},"excerpt":{"rendered":"<p>\u0130lkgen\u00e7lik y\u0131llar\u0131n\u0131n ba\u015f\u0131nda, hayat\u0131 hi\u00e7 beklemedi\u011fi bir trajedi ile de\u011fi\u015fen \u00c7aylak i\u00e7in Filozof, sakin bir limana s\u0131\u011f\u0131nmak gibiydi. Ama bunu fark etmesi kolay olmad\u0131\u2026 Onun en b\u00fcy\u00fck sorunu, bu y\u0131ld\u0131zlar\u0131n alt\u0131nda kendisine ait yeri hen\u00fcz bulamam\u0131\u015f olmas\u0131yd\u0131. Dahas\u0131 b\u00f6yle bir yer olup olmad\u0131\u011f\u0131ndan bile emin de\u011fildi hen\u00fcz\u2026 Oysa hepimiz gibi hayat\u0131n anlam\u0131n\u0131 ke\u015ffedip, i\u00e7ini ya\u015famaya de\u011fer bir \u015feylerle doldurabilmesi buna ba\u011fl\u0131yd\u0131. \u00c7aylak ile Filozof, zaman zaman e\u011flenceli, \u2013itiraf etmek gerekirse\u2013 zaman zaman da sinir bozucu bir fikir yolculu\u011fudur. Olduk\u00e7a cesur konular\u0131n ortal\u0131kta fink att\u0131\u011f\u0131, akl\u0131n\u0131z\u0131n ve kalbinizin derinliklerinde gizlenmi\u015f duygular\u0131n, ad\u0131na harfler dedi\u011fimiz \u015fu e\u011fri b\u00fc\u011fr\u00fc i\u015faretlerle sayfalara c\u00f6mert\u00e7e d\u00f6k\u00fcld\u00fc\u011f\u00fc maceral\u0131 bir yolculuk bu\u2026 Bu kitap sizi i\u015fte b\u00f6yle yolculu\u011fa davet ediyor. Gelin ve \u00c7aylak ile Filozof\u2019a kat\u0131l\u0131n. Birlikte uzun bir seyahate \u00e7\u0131k\u0131n! Tarihin, felsefenin, hikmetin, bilginin, akl\u0131n ve kalbin vadilerinden, vahyin ayd\u0131nlatt\u0131\u011f\u0131 yollardan ge\u00e7en bir seyahate\u2026<\/p>","protected":false},"featured_media":23246,"template":"","meta":{"spay_email":""},"product_cat":[172],"product_tag":[],"item":[692],"acf":[],"_links":{"self":[{"href":"https:\/\/mgvpublications.com\/de\/wp-json\/wp\/v2\/product\/12035"}],"collection":[{"href":"https:\/\/mgvpublications.com\/de\/wp-json\/wp\/v2\/product"}],"about":[{"href":"https:\/\/mgvpublications.com\/de\/wp-json\/wp\/v2\/types\/product"}],"wp:featuredmedia":[{"embeddable":true,"href":"https:\/\/mgvpublications.com\/de\/wp-json\/wp\/v2\/media\/23246"}],"wp:attachment":[{"href":"https:\/\/mgvpublications.com\/de\/wp-json\/wp\/v2\/media?parent=12035"}],"wp:term":[{"taxonomy":"product_cat","embeddable":true,"href":"https:\/\/mgvpublications.com\/de\/wp-json\/wp\/v2\/product_cat?post=12035"},{"taxonomy":"product_tag","embeddable":true,"href":"https:\/\/mgvpublications.com\/de\/wp-json\/wp\/v2\/product_tag?post=12035"},{"taxonomy":"item","embeddable":true,"href":"https:\/\/mgvpublications.com\/de\/wp-json\/wp\/v2\/item?post=12035"}],"curies":[{"name":"wp","href":"https:\/\/api.w.org\/{rel}","templated":true}]}}