{"id":11722,"date":"2020-05-05T14:48:02","date_gmt":"2020-05-05T12:48:02","guid":{"rendered":"https:\/\/dev2.mgvpublications.com\/produkt\/neuro-ask\/"},"modified":"2022-03-08T22:34:10","modified_gmt":"2022-03-08T21:34:10","slug":"neuro-ask","status":"publish","type":"product","link":"https:\/\/mgvpublications.com\/de\/neuro-ask\/","title":{"rendered":"Neuro A\u015fk"},"content":{"rendered":"<table class=\"attribute\">\n<tbody>\n<tr>\n<td>Ver\u00f6fentlichung<\/td>\n<td>2017-03-22<\/td>\n<\/tr>\n<tr>\n<td>ISBN<\/td>\n<td>6050941548<\/td>\n<\/tr>\n<tr>\n<td>Druckauflage<\/td>\n<td>1. Bask\u0131<\/td>\n<\/tr>\n<tr>\n<td>Sprache<\/td>\n<td>T\u00dcRK\u00c7E<\/td>\n<\/tr>\n<tr>\n<td>Seiten<\/td>\n<td>268<\/td>\n<\/tr>\n<tr>\n<td>Art<\/td>\n<td>Karton Kapak<\/td>\n<\/tr>\n<tr>\n<td>Papierart<\/td>\n<td>Kitap Ka\u011f\u0131d\u0131<\/td>\n<\/tr>\n<tr>\n<td>Ma\u00dfe<\/td>\n<td>13.6 x 21 cm<\/td>\n<\/tr>\n<\/tbody>\n<\/table>","protected":false},"excerpt":{"rendered":"<p>A\u015eK neden var ger\u00e7ekten?<br \/>\nPeki, ger\u00e7ekten de sihirli mi? Kalpten mi ba\u015fl\u0131yor? Yoksa kar\u0131ndaki kelebeklerle mi?<br \/>\nYa da A\u015eK tamamen beyinde ya\u015fan\u0131lan bir s\u00fcre\u00e7 olabilir mi?<br \/>\nDaha da \u00f6nemlisi biz A\u015eK s\u00fcrecini \u00f6\u011frenerek istedi\u011fimizi ki\u015fiyi hayat\u0131m\u0131za \u00e7ekebilir miyiz?<br \/>\nDaha \u00f6nceki kitaplar\u0131m Y\u0131ka Beynini, Beynine Format At ve Sa\u011fl\u0131\u011f\u0131na Format At\u2019\u0131 okuduysan\u0131z ya da bir \u015fekilde denk geldiyseniz ya\u015famda ba\u015f\u0131m\u0131za gelen her \u015feyde beynimizin bizi nas\u0131l y\u00f6nlendirdi\u011fini anlatm\u0131\u015ft\u0131m.<br \/>\nBen size bu kitapta a\u015fk\u0131n ilk insandan ba\u015flayan milyonlarca y\u0131ll\u0131k kurallar\u0131n\u0131, bilimini ve NeuroA\u015eK\u2019\u0131 anlat\u0131yorum.<br \/>\nVe g\u00fcnl\u00fck hayatta do\u011fru a\u015fk\u0131 ve ili\u015fkiyi ya\u015famak i\u00e7in en pratik t\u00fcyolar\u0131 ve a\u015fkta kaybeden taraf olduysan\u0131z A\u015eK ac\u0131s\u0131n\u0131, ayr\u0131l\u0131klar sonucu olu\u015fan de\u011fersizlik hissini NeuroFormat sistemiyle nas\u0131l temizleyece\u011finizi de \u00f6\u011freneceksiniz.<br \/>\nA\u015fk\u0131 ger\u00e7ekten anlamaya ve kazanan olmaya ne dersiniz?<\/p>","protected":false},"featured_media":11723,"template":"","meta":{"spay_email":""},"product_cat":[216],"product_tag":[],"item":[1051],"acf":[],"_links":{"self":[{"href":"https:\/\/mgvpublications.com\/de\/wp-json\/wp\/v2\/product\/11722"}],"collection":[{"href":"https:\/\/mgvpublications.com\/de\/wp-json\/wp\/v2\/product"}],"about":[{"href":"https:\/\/mgvpublications.com\/de\/wp-json\/wp\/v2\/types\/product"}],"wp:featuredmedia":[{"embeddable":true,"href":"https:\/\/mgvpublications.com\/de\/wp-json\/wp\/v2\/media\/11723"}],"wp:attachment":[{"href":"https:\/\/mgvpublications.com\/de\/wp-json\/wp\/v2\/media?parent=11722"}],"wp:term":[{"taxonomy":"product_cat","embeddable":true,"href":"https:\/\/mgvpublications.com\/de\/wp-json\/wp\/v2\/product_cat?post=11722"},{"taxonomy":"product_tag","embeddable":true,"href":"https:\/\/mgvpublications.com\/de\/wp-json\/wp\/v2\/product_tag?post=11722"},{"taxonomy":"item","embeddable":true,"href":"https:\/\/mgvpublications.com\/de\/wp-json\/wp\/v2\/item?post=11722"}],"curies":[{"name":"wp","href":"https:\/\/api.w.org\/{rel}","templated":true}]}}