{"id":10099,"date":"2020-01-07T17:11:51","date_gmt":"2020-01-07T16:11:51","guid":{"rendered":"https:\/\/dev2.mgvpublications.com\/produkt\/tarihin-tasrasinda-yasamak\/"},"modified":"2022-03-08T22:32:25","modified_gmt":"2022-03-08T21:32:25","slug":"tarihin-tasrasinda-yasamak","status":"publish","type":"product","link":"https:\/\/mgvpublications.com\/de\/tarihin-tasrasinda-yasamak\/","title":{"rendered":"Tarihin Ta\u015fras\u0131nda Ya\u015famak"},"content":{"rendered":"<p>Yay\u0131n Tarihi\t2016-10-10<br \/>\nISBN\t6055222390<br \/>\nBask\u0131 Say\u0131s\u0131\t1. Bask\u0131<br \/>\nDil\tT\u00dcRK\u00c7E<br \/>\nSayfa Say\u0131s\u0131\t216<br \/>\nCilt Tipi\tKarton Kapak<br \/>\nKa\u011f\u0131t Cinsi\tKitap Ka\u011f\u0131d\u0131<br \/>\nBoyut\t13 x 23 cm<\/p>","protected":false},"excerpt":{"rendered":"<p>&#8230;Tarihin ta\u015fras\u0131nda ya\u015faman\u0131n bir kader olmad\u0131\u011f\u0131n\u0131 kan\u0131tlayabilmek i\u00e7in, her \u015feyden \u00f6nce, \u0130slami anlamda tarihsel g\u00fcndemimizin \u00f6nceli\u011fi ve ad\u0131, yap\u0131sal de\u011fi\u015fim i\u00e7in nihai-varolu\u015fsal \u00e7\u00f6z\u00fcm, tahayy\u00fcl ve tasavvur olmal\u0131. \u0130slam d\u00fcnyas\u0131 toplumlar\u0131, aptalla\u015ft\u0131r\u0131c\u0131, ahmakla\u015ft\u0131r\u0131c\u0131 geleneksel uyu\u015fturuculara-patolojilere kar\u015f\u0131 zihinsel\/ahlaki direni\u015fi ger\u00e7ekle\u015ftiremedikleri takdirde, s\u00f6m\u00fcrgeci-\u0131rk\u00e7\u0131 tarihe kar\u015f\u0131 direni\u015fi hi\u00e7bir \u015fekilde ger\u00e7ekle\u015ftiremezler. Kime, hangi otoriteye y\u00f6nelik olursa olsun, kay\u0131ts\u0131z \u015farts\u0131z itaat, ahlaki k\u00f6relmeye neden oldu\u011fu gibi, bilin\u00e7 k\u00f6relmesine de neden olur. Ger\u00e7ek bir direni\u015f, tehdit unsuru olan yap\u0131lar\u0131n d\u00fcnya g\u00f6r\u00fc\u015flerini, zihin d\u00fcnyalar\u0131n\u0131 yap\u0131 s\u00f6k\u00fcme u\u011fratmak suretiyle ba\u015flat\u0131labilir. Kolektif bir siyasal eylem, kolektif tarihsel\/siyasal\/k\u00fclt\u00fcrel bilin\u00e7le s\u00fcrd\u00fcr\u00fcld\u00fc\u011f\u00fcnde etkili olabilir.<\/p>","protected":false},"featured_media":10100,"template":"","meta":{"spay_email":""},"product_cat":[166,170],"product_tag":[],"item":[821],"acf":[],"_links":{"self":[{"href":"https:\/\/mgvpublications.com\/de\/wp-json\/wp\/v2\/product\/10099"}],"collection":[{"href":"https:\/\/mgvpublications.com\/de\/wp-json\/wp\/v2\/product"}],"about":[{"href":"https:\/\/mgvpublications.com\/de\/wp-json\/wp\/v2\/types\/product"}],"wp:featuredmedia":[{"embeddable":true,"href":"https:\/\/mgvpublications.com\/de\/wp-json\/wp\/v2\/media\/10100"}],"wp:attachment":[{"href":"https:\/\/mgvpublications.com\/de\/wp-json\/wp\/v2\/media?parent=10099"}],"wp:term":[{"taxonomy":"product_cat","embeddable":true,"href":"https:\/\/mgvpublications.com\/de\/wp-json\/wp\/v2\/product_cat?post=10099"},{"taxonomy":"product_tag","embeddable":true,"href":"https:\/\/mgvpublications.com\/de\/wp-json\/wp\/v2\/product_tag?post=10099"},{"taxonomy":"item","embeddable":true,"href":"https:\/\/mgvpublications.com\/de\/wp-json\/wp\/v2\/item?post=10099"}],"curies":[{"name":"wp","href":"https:\/\/api.w.org\/{rel}","templated":true}]}}